{"id":2387,"date":"2023-09-22T12:46:26","date_gmt":"2023-09-22T12:46:26","guid":{"rendered":"https:\/\/wirbelsaeulen-neurochirurgie.de\/?page_id=2387"},"modified":"2024-06-10T09:19:55","modified_gmt":"2024-06-10T09:19:55","slug":"presse","status":"publish","type":"page","link":"https:\/\/wirbelsaeulen-neurochirurgie.de\/en\/presse","title":{"rendered":"Press"},"content":{"rendered":"<div data-elementor-type=\"wp-page\" data-elementor-id=\"2387\" class=\"elementor elementor-2387\" data-elementor-post-type=\"page\">\n\t\t\t\t<div class=\"elementor-element elementor-element-5e48c62f e-con-full e-flex e-con e-parent\" data-id=\"5e48c62f\" data-element_type=\"container\" data-e-type=\"container\" data-settings=\"{&quot;background_background&quot;:&quot;slideshow&quot;,&quot;background_slideshow_gallery&quot;:[{&quot;id&quot;:2006,&quot;url&quot;:&quot;https:\\\/\\\/wirbelsaeulen-neurochirurgie.de\\\/wp-content\\\/uploads\\\/iStock-1183603051.png&quot;},{&quot;id&quot;:2007,&quot;url&quot;:&quot;https:\\\/\\\/wirbelsaeulen-neurochirurgie.de\\\/wp-content\\\/uploads\\\/iStock-1176334519.png&quot;},{&quot;id&quot;:2008,&quot;url&quot;:&quot;https:\\\/\\\/wirbelsaeulen-neurochirurgie.de\\\/wp-content\\\/uploads\\\/iStock-1125846531.png&quot;}],&quot;background_slideshow_ken_burns&quot;:&quot;yes&quot;,&quot;background_slideshow_loop&quot;:&quot;yes&quot;,&quot;background_slideshow_slide_duration&quot;:5000,&quot;background_slideshow_slide_transition&quot;:&quot;fade&quot;,&quot;background_slideshow_transition_duration&quot;:500,&quot;background_slideshow_ken_burns_zoom_direction&quot;:&quot;in&quot;}\">\n\t\t<div class=\"elementor-element elementor-element-d572444 e-con-full e-flex e-con e-child\" data-id=\"d572444\" data-element_type=\"container\" data-e-type=\"container\">\n\t\t\t\t<div class=\"elementor-element elementor-element-b2f0a27 elementor-widget__width-inherit elementor-widget elementor-widget-heading\" data-id=\"b2f0a27\" data-element_type=\"widget\" data-e-type=\"widget\" data-widget_type=\"heading.default\">\n\t\t\t\t<div class=\"elementor-widget-container\">\n\t\t\t\t\t<h1 class=\"elementor-heading-title elementor-size-default\">Prof. Dr. med. habil Eleftherios Archavlis<\/h1>\t\t\t\t<\/div>\n\t\t\t\t<\/div>\n\t\t\t\t<div class=\"elementor-element elementor-element-f578160 elementor-widget__width-inherit elementor-widget elementor-widget-text-editor\" data-id=\"f578160\" data-element_type=\"widget\" data-e-type=\"widget\" data-widget_type=\"text-editor.default\">\n\t\t\t\t<div class=\"elementor-widget-container\">\n\t\t\t\t\tIhr Spezialist f\u00fcr Wirbels\u00e4ulenerkrankungen\t\t\t\t<\/div>\n\t\t\t\t<\/div>\n\t\t\t\t<div class=\"elementor-element elementor-element-09c3143 elementor-widget__width-initial elementor-widget-tablet__width-inherit elementor-widget elementor-widget-gallery\" data-id=\"09c3143\" data-element_type=\"widget\" data-e-type=\"widget\" data-settings=\"{&quot;gallery_layout&quot;:&quot;justified&quot;,&quot;ideal_row_height_mobile&quot;:{&quot;unit&quot;:&quot;px&quot;,&quot;size&quot;:130,&quot;sizes&quot;:[]},&quot;ideal_row_height&quot;:{&quot;unit&quot;:&quot;px&quot;,&quot;size&quot;:270,&quot;sizes&quot;:[]},&quot;lazyload&quot;:&quot;yes&quot;,&quot;ideal_row_height_tablet&quot;:{&quot;unit&quot;:&quot;px&quot;,&quot;size&quot;:150,&quot;sizes&quot;:[]},&quot;gap&quot;:{&quot;unit&quot;:&quot;px&quot;,&quot;size&quot;:10,&quot;sizes&quot;:[]},&quot;gap_tablet&quot;:{&quot;unit&quot;:&quot;px&quot;,&quot;size&quot;:10,&quot;sizes&quot;:[]},&quot;gap_mobile&quot;:{&quot;unit&quot;:&quot;px&quot;,&quot;size&quot;:10,&quot;sizes&quot;:[]},&quot;link_to&quot;:&quot;file&quot;,&quot;overlay_background&quot;:&quot;yes&quot;,&quot;content_hover_animation&quot;:&quot;fade-in&quot;}\" data-widget_type=\"gallery.default\">\n\t\t\t\t<div class=\"elementor-widget-container\">\n\t\t\t\t\t<div class=\"elementor-gallery__container\">\n\t\t\t\t\t\t\t<a class=\"e-gallery-item elementor-gallery-item elementor-animated-content\" href=\"https:\/\/wirbelsaeulen-neurochirurgie.de\/wp-content\/uploads\/Dr_med_Eleftherios_Archavlis_Basis.png\" data-elementor-open-lightbox=\"no\">\n\t\t\t\t\t<div class=\"e-gallery-image elementor-gallery-item__image\" data-thumbnail=\"https:\/\/wirbelsaeulen-neurochirurgie.de\/wp-content\/uploads\/Dr_med_Eleftherios_Archavlis_Basis-1024x1024.png\" data-width=\"800\" data-height=\"800\" aria-label=\"Zertifikat Bronze\" role=\"img\" ><\/div>\n\t\t\t\t\t\t\t\t\t\t\t<div class=\"elementor-gallery-item__overlay\"><\/div>\n\t\t\t\t\t\t\t\t\t\t\t\t\t\t<\/a>\n\t\t\t\t\t\t\t<a class=\"e-gallery-item elementor-gallery-item elementor-animated-content\" href=\"https:\/\/wirbelsaeulen-neurochirurgie.de\/wp-content\/uploads\/Dr_med_Eleftherios_Archavlis_Master.png\" data-elementor-open-lightbox=\"no\">\n\t\t\t\t\t<div class=\"e-gallery-image elementor-gallery-item__image\" data-thumbnail=\"https:\/\/wirbelsaeulen-neurochirurgie.de\/wp-content\/uploads\/Dr_med_Eleftherios_Archavlis_Master-1024x1024.png\" data-width=\"800\" data-height=\"800\" aria-label=\"Zertifikat Silber\" role=\"img\" ><\/div>\n\t\t\t\t\t\t\t\t\t\t\t<div class=\"elementor-gallery-item__overlay\"><\/div>\n\t\t\t\t\t\t\t\t\t\t\t\t\t\t<\/a>\n\t\t\t\t\t\t\t<a class=\"e-gallery-item elementor-gallery-item elementor-animated-content\" href=\"https:\/\/wirbelsaeulen-neurochirurgie.de\/wp-content\/uploads\/siegel.png\" data-elementor-open-lightbox=\"no\">\n\t\t\t\t\t<div class=\"e-gallery-image elementor-gallery-item__image\" data-thumbnail=\"https:\/\/wirbelsaeulen-neurochirurgie.de\/wp-content\/uploads\/siegel-1024x1002.png\" data-width=\"800\" data-height=\"783\" aria-label=\"Zertifikat Gold\" role=\"img\" ><\/div>\n\t\t\t\t\t\t\t\t\t\t\t<div class=\"elementor-gallery-item__overlay\"><\/div>\n\t\t\t\t\t\t\t\t\t\t\t\t\t\t<\/a>\n\t\t\t\t\t\t\t<a class=\"e-gallery-item elementor-gallery-item elementor-animated-content\" href=\"https:\/\/wirbelsaeulen-neurochirurgie.de\/wp-content\/uploads\/2024_prof-dr-eleftherios-archavlis_wirbelsaeulen-chirurgie_focus-gesundheitde_large-scaled.jpeg\" data-elementor-open-lightbox=\"no\">\n\t\t\t\t\t<div class=\"e-gallery-image elementor-gallery-item__image\" data-thumbnail=\"https:\/\/wirbelsaeulen-neurochirurgie.de\/wp-content\/uploads\/2024_prof-dr-eleftherios-archavlis_wirbelsaeulen-chirurgie_focus-gesundheitde_large-511x1024.jpeg\" data-width=\"511\" data-height=\"1024\" aria-label=\"Siegel 2024 wirbels\u00e4ulen-chirurgie\" role=\"img\" ><\/div>\n\t\t\t\t\t\t\t\t\t\t\t<div class=\"elementor-gallery-item__overlay\"><\/div>\n\t\t\t\t\t\t\t\t\t\t\t\t\t\t<\/a>\n\t\t\t\t\t\t\t<a class=\"e-gallery-item elementor-gallery-item elementor-animated-content\" href=\"https:\/\/wirbelsaeulen-neurochirurgie.de\/wp-content\/uploads\/2024_prof-dr-eleftherios-archavlis_chronische-schmerzen_focus-gesundheitde_large.png\" data-elementor-open-lightbox=\"no\">\n\t\t\t\t\t<div class=\"e-gallery-image elementor-gallery-item__image\" data-thumbnail=\"https:\/\/wirbelsaeulen-neurochirurgie.de\/wp-content\/uploads\/2024_prof-dr-eleftherios-archavlis_chronische-schmerzen_focus-gesundheitde_large-511x1024.png\" data-width=\"511\" data-height=\"1024\" aria-label=\"Siegel 2024 chronische-schmerzen\" role=\"img\" ><\/div>\n\t\t\t\t\t\t\t\t\t\t\t<div class=\"elementor-gallery-item__overlay\"><\/div>\n\t\t\t\t\t\t\t\t\t\t\t\t\t\t<\/a>\n\t\t\t\t\t<\/div>\t\t\t\t<\/div>\n\t\t\t\t<\/div>\n\t\t\t\t<\/div>\n\t\t\t\t<\/div>\n\t\t<div class=\"elementor-element elementor-element-451ce4c e-flex e-con-boxed e-con e-parent\" data-id=\"451ce4c\" data-element_type=\"container\" data-e-type=\"container\">\n\t\t\t\t\t<div class=\"e-con-inner\">\n\t\t\t\t<div class=\"elementor-element elementor-element-2122db5 elementor-widget__width-inherit elementor-widget elementor-widget-heading\" data-id=\"2122db5\" data-element_type=\"widget\" data-e-type=\"widget\" data-widget_type=\"heading.default\">\n\t\t\t\t<div class=\"elementor-widget-container\">\n\t\t\t\t\t<h2 class=\"elementor-heading-title elementor-size-default\">Presse<\/h2>\t\t\t\t<\/div>\n\t\t\t\t<\/div>\n\t\t\t\t<div class=\"elementor-element elementor-element-08e7647 elementor-widget__width-inherit elementor-widget elementor-widget-heading\" data-id=\"08e7647\" data-element_type=\"widget\" data-e-type=\"widget\" data-widget_type=\"heading.default\">\n\t\t\t\t<div class=\"elementor-widget-container\">\n\t\t\t\t\t<h2 class=\"elementor-heading-title elementor-size-default\">Podcast Archavlis O-Arm Wirbels\u00e4ulenchirurgie<\/h2>\t\t\t\t<\/div>\n\t\t\t\t<\/div>\n\t\t\t\t<div class=\"elementor-element elementor-element-d849827 elementor-widget__width-initial elementor-widget elementor-widget-wp-widget-media_audio\" data-id=\"d849827\" data-element_type=\"widget\" data-e-type=\"widget\" data-widget_type=\"wp-widget-media_audio.default\">\n\t\t\t\t<div class=\"elementor-widget-container\">\n\t\t\t\t\t<audio class=\"wp-audio-shortcode\" id=\"audio-2387-1\" preload=\"none\" style=\"width: 100%;\" controls=\"controls\"><source type=\"audio\/mpeg\" src=\"https:\/\/wirbelsaeulen-neurochirurgie.de\/wp-content\/uploads\/Podcast-Archavlis-O-Arm.mp3?_=1\" \/><source type=\"audio\/mpeg\" src=\"https:\/\/wirbelsaeulen-neurochirurgie.de\/wp-content\/uploads\/Podcast-Archavlis-O-Arm.mp3?_=1\" \/><a href=\"https:\/\/wirbelsaeulen-neurochirurgie.de\/wp-content\/uploads\/Podcast-Archavlis-O-Arm.mp3\">https:\/\/wirbelsaeulen-neurochirurgie.de\/wp-content\/uploads\/Podcast-Archavlis-O-Arm.mp3<\/a><\/audio>\t\t\t\t<\/div>\n\t\t\t\t<\/div>\n\t\t\t\t<div class=\"elementor-element elementor-element-c10081f elementor-align-center elementor-widget__width-initial elementor-widget elementor-widget-button\" data-id=\"c10081f\" data-element_type=\"widget\" data-e-type=\"widget\" data-widget_type=\"button.default\">\n\t\t\t\t<div class=\"elementor-widget-container\">\n\t\t\t\t\t<div class=\"elementor-button-wrapper\">\n\t\t\t\t\t<a class=\"elementor-button elementor-button-link elementor-size-sm\" href=\"https:\/\/wirbelsaeulen-neurochirurgie.de\/wp-content\/uploads\/Podcast-Archavlis-O-Arm-Wirbelsaeulenchirurgie.pdf\" target=\"_blank\">\n\t\t\t\t\t\t<span class=\"elementor-button-content-wrapper\">\n\t\t\t\t\t\t\t\t\t<span class=\"elementor-button-text\">Zum Nachlesen<\/span>\n\t\t\t\t\t<\/span>\n\t\t\t\t\t<\/a>\n\t\t\t\t<\/div>\t\t\t\t<\/div>\n\t\t\t\t<\/div>\n\t\t\t\t<div class=\"elementor-element elementor-element-be704fd elementor-widget__width-inherit elementor-widget elementor-widget-heading\" data-id=\"be704fd\" data-element_type=\"widget\" data-e-type=\"widget\" data-widget_type=\"heading.default\">\n\t\t\t\t<div class=\"elementor-widget-container\">\n\t\t\t\t\t<h2 class=\"elementor-heading-title elementor-size-default\">Modernste Technologien in der spinalen Neurochirurgie und Orthop\u00e4dischen Chirurgie<\/h2>\t\t\t\t<\/div>\n\t\t\t\t<\/div>\n\t\t\t\t<div class=\"elementor-element elementor-element-5c85dce elementor-widget__width-inherit elementor-widget elementor-widget-text-editor\" data-id=\"5c85dce\" data-element_type=\"widget\" data-e-type=\"widget\" data-widget_type=\"text-editor.default\">\n\t\t\t\t<div class=\"elementor-widget-container\">\n\t\t\t\t\t<p>Interdisziplin\u00e4res Wirbels\u00e4ulenzentrum Frankfurt st\u00e4rkt operative Pr\u00e4zision mit O-arm und spinaler Navigation<\/p>\n<p>Das Interdisziplin\u00e4re Wirbels\u00e4ulenzentrum am St. Elisabethen Krankenhaus Frankfurt gibt mit gro\u00dfer Freude die Anschaffung des hochmodernen O-arm Systems und spinalen Navigationssystems bekannt. In Kombination mit der bew\u00e4hrten StealthStation\u2122 Navigation bietet diese Technologie eine un\u00fcbertroffene 3D-Sichtbarkeit und ein optimiertes chirurgisches Feedback. Das Wirbels\u00e4ulenzentrum setzt damit neue Ma\u00dfst\u00e4be in der minimalinvasiven Wirbels\u00e4ulenchirurgie.<\/p>\n<p>Das O-arm System erm\u00f6glicht eine kontinuierliche Darstellung der aktuellen Patientendaten w\u00e4hrend der Operation. Diese Echtzeitinformationen sind von unsch\u00e4tzbarem Wert f\u00fcr die Chirurgen und Patienten, da sie eine pr\u00e4zisere Planung und Durchf\u00fchrung von minimalinvasiven Operationstechniken erm\u00f6glichen. Selbst in schwierigen F\u00e4llen, wie beispielsweise bei schweren Patienten mit ungew\u00f6hnlicher Anatomie, liefert das System zus\u00e4tzliche Informationen, um die Sicherheit und Effektivit\u00e4t der Eingriffe zu verbessern. F\u00fcr eine optimierte minimalinvasive Wirbels\u00e4ulenchirurgie leistet es wertvolle Dienste, da es jederzeit einen exakten \u00dcberblick bietet und das millimetergenaue Einsetzen von Implantaten erm\u00f6glicht. Zudem erlaubt der O-Arm im Gegensatz zu vielen halboffenen Systemen (\u201eC-Bogen\u201c) 360\u00b0-Aufnahmen. Diese werden w\u00e4hrend der Operation \u00fcber eine kreisf\u00f6rmige Kameraschiene aufgenommen und direkt mit dem Navigationssystem abgeglichen. So kann der Operateur zu jedem Zeitpunkt der Operation den Verlauf des Eingriffs \u00fcberpr\u00fcfen und gegebenenfalls direkt korrigierend eingreifen, anstatt wie sonst \u00fcblich erst nach einer abschlie\u00dfenden Kontrollaufnahme am Ende der Operation.<\/p>\n<p>Ein entscheidender Vorteil des O-arm Systems in Kombination mit der spinalen Navigation ist die automatische Registrierung, die die Prozesse vereinfacht. Der Chefarzt des Interdisziplin\u00e4ren Wirbels\u00e4ulenzentrums Frankfurt, Prof. Dr. Archavlis ist begeistert von dieser neuen Anschaffung. &#8222;Dieses System verbessert die Sicherheit und die Kontrollm\u00f6glichkeiten bei der minimalinvasiven Wirbels\u00e4ulenchirurgie und verringert die Strahlenbelastung f\u00fcr Patientinnen und Patienten und Operateure&#8220;, erl\u00e4utert Prof. Dr. Archavlis.<\/p>\n<p>Vorteile der Navigation auf einen Blick:<\/p>\n<p>\u2022\tKombination der Vorteile von R\u00f6ntgen, Computertomographie und Navigation in einem einzigen System<br>\n\u2022\tGenaueste \u00dcberwachung von Bewegungen der Instrumente im Millimeterbereich in 3D-Optik<br>\n\u2022\tPermanente Einblicke in den K\u00f6rper und unmittelbare Kontrolle des Behandlungserfolgs noch w\u00e4hrend der OP<br>\n\u2022\tKeine weitere Strahlenbelastung durch Computertomographie nach der Operation<br>\n\u2022\tMaximale Reduktion eventuell f\u00e4lliger Folgeeingriffe<br>\n\u2022\tDeutlich erleichtertes Einbringen von Schrauben und St\u00e4ben in minimal-invasiver Technik f\u00fcr den Operateur<\/p>\n<p>Das Interdisziplin\u00e4re Wirbels\u00e4ulenzentrum Frankfurt ist stolz darauf, seinen Patientinnen und Patienten nun die fortschrittlichsten Technologien zur Verf\u00fcgung stellen zu k\u00f6nnen. Die Anschaffung des O-arm Systems und spinalen Navigationssystems unterstreicht das Engagement des Zentrums, kontinuierlich die Qualit\u00e4t der Behandlungen zu verbessern und optimale Ergebnisse f\u00fcr die Patienten zu erzielen.<\/p>\n<p>Das Interdisziplin\u00e4re Wirbels\u00e4ulenzentrum Frankfurt ist eine f\u00fchrende Einrichtung auf dem Gebiet der Wirbels\u00e4ulenchirurgie und bietet eine umfassende Palette von diagnostischen, konservativen und operativen Behandlungen an. Das hochqualifizierte Team besteht aus renommierten Spezialisten, die ihre Expertise aus verschiedenen medizinischen Fachbereichen einbringen.&nbsp;<\/p>\t\t\t\t<\/div>\n\t\t\t\t<\/div>\n\t\t\t\t<div class=\"elementor-element elementor-element-c13fe34 elementor-widget__width-inherit elementor-widget elementor-widget-heading\" data-id=\"c13fe34\" data-element_type=\"widget\" data-e-type=\"widget\" data-widget_type=\"heading.default\">\n\t\t\t\t<div class=\"elementor-widget-container\">\n\t\t\t\t\t<h2 class=\"elementor-heading-title elementor-size-default\">Auszeichnung f\u00fcr Chefarzt des interdisziplin\u00e4ren Wirbels\u00e4ulenzentrums: Professor Dr. Archavlis als TOP-Arzt ausgezeichnet<\/h2>\t\t\t\t<\/div>\n\t\t\t\t<\/div>\n\t\t\t\t<div class=\"elementor-element elementor-element-41ea8aa elementor-widget__width-inherit elementor-widget elementor-widget-text-editor\" data-id=\"41ea8aa\" data-element_type=\"widget\" data-e-type=\"widget\" data-widget_type=\"text-editor.default\">\n\t\t\t\t<div class=\"elementor-widget-container\">\n\t\t\t\t\t<p>Professor Dr. Eleftherios Archavlis, Chefarzt des interdisziplin\u00e4ren Wirbels\u00e4ulenzentrums am St. Elisabethen Krankenhaus Frankfurt, wurde vom Magazin Focus-Gesundheit erneut als TOP-Arzt im Bereich der Wirbels\u00e4ulenchirurgie ausgezeichnet. Die Auszeichnung unterstreicht seine herausragenden Leistungen und seine Expertise auf diesem Fachgebiet.<\/p><p>\u201eDie Auszeichnung als TOP-Arzt f\u00fcr Wirbels\u00e4ulenchirurgie durch das Focus-Gesundheit Magazin ist eine gro\u00dfe Ehre und Best\u00e4tigung meiner langj\u00e4hrigen Arbeit und meines Engagements f\u00fcr die Patientenversorgung\u201c, freut sich Prof. Dr. Archavlis.<\/p><p>Mit mehr als 3.000 erfolgreich durchgef\u00fchrten komplexen Wirbels\u00e4ulenoperationen z\u00e4hlt Prof. Dr. Archavlis zu den f\u00fchrenden Experten auf seinem Gebiet. Seine Expertise umfasst fortschrittliche Operationstechniken in der minimalinvasiven Wirbels\u00e4ulenchirurgie sowie die wegweisende Einf\u00fchrung der &#8222;enhanced recovery&#8220; (schnelle Genesung) in der Wirbels\u00e4ulenchirurgie.<\/p><p>Die Patientinnen und Patienten des Wirbels\u00e4ulenzentrums am St. Elisabethen Krankenhaus profitieren von der umfassenden Expertise und dem Engagement von Prof. Archavlis sowie von einem interdisziplin\u00e4ren Team hochqualifizierter Fachkr\u00e4fte, die sich f\u00fcr eine bestm\u00f6gliche Versorgung und Betreuung einsetzen.<\/p><p>&#8222;Wir sind stolz, Professor Archavlis in unserem Team zu haben. Seine hervorragende Arbeit und sein Engagement in der Patientenversorgung sind ein Vorbild f\u00fcr das gesamte Krankenhaus und tragen ma\u00dfgeblich zu unserem Ruf als erstklassige medizinische Einrichtung bei&#8220;, so Marius Trabert, Gesch\u00e4ftsf\u00fchrer des St. Elisabethen Krankenhauses.<\/p><p>F\u00fcr weitere Informationen und Terminvereinbarungen steht Ihnen die Pressestelle des St. Elisabethen Krankenhauses und des Wirbels\u00e4ulenzentrums gerne zur Verf\u00fcgung.\u00a0<\/p>\t\t\t\t<\/div>\n\t\t\t\t<\/div>\n\t\t\t\t<div class=\"elementor-element elementor-element-9d77d07 elementor-widget__width-inherit elementor-widget elementor-widget-heading\" data-id=\"9d77d07\" data-element_type=\"widget\" data-e-type=\"widget\" data-widget_type=\"heading.default\">\n\t\t\t\t<div class=\"elementor-widget-container\">\n\t\t\t\t\t<h2 class=\"elementor-heading-title elementor-size-default\">Podcast Archavlis minimal-invasive Wirbelsa\u0308ulenoperationen<\/h2>\t\t\t\t<\/div>\n\t\t\t\t<\/div>\n\t\t\t\t<div class=\"elementor-element elementor-element-1c71d14 elementor-widget__width-initial elementor-widget elementor-widget-wp-widget-media_audio\" data-id=\"1c71d14\" data-element_type=\"widget\" data-e-type=\"widget\" data-widget_type=\"wp-widget-media_audio.default\">\n\t\t\t\t<div class=\"elementor-widget-container\">\n\t\t\t\t\t<audio class=\"wp-audio-shortcode\" id=\"audio-2387-2\" preload=\"none\" style=\"width: 100%;\" controls=\"controls\"><source type=\"audio\/mpeg\" src=\"https:\/\/wirbelsaeulen-neurochirurgie.de\/wp-content\/uploads\/Podcast-Archavlis-Minimal-invasive-Wirbelsaeuleneingriffe.mp3?_=2\" \/><source type=\"audio\/mpeg\" src=\"https:\/\/wirbelsaeulen-neurochirurgie.de\/wp-content\/uploads\/Podcast-Archavlis-Minimal-invasive-Wirbelsaeuleneingriffe.mp3?_=2\" \/><a href=\"https:\/\/wirbelsaeulen-neurochirurgie.de\/wp-content\/uploads\/Podcast-Archavlis-Minimal-invasive-Wirbelsaeuleneingriffe.mp3\">https:\/\/wirbelsaeulen-neurochirurgie.de\/wp-content\/uploads\/Podcast-Archavlis-Minimal-invasive-Wirbelsaeuleneingriffe.mp3<\/a><\/audio>\t\t\t\t<\/div>\n\t\t\t\t<\/div>\n\t\t\t\t<div class=\"elementor-element elementor-element-8c931c5 elementor-align-center elementor-widget__width-initial elementor-widget elementor-widget-button\" data-id=\"8c931c5\" data-element_type=\"widget\" data-e-type=\"widget\" data-widget_type=\"button.default\">\n\t\t\t\t<div class=\"elementor-widget-container\">\n\t\t\t\t\t<div class=\"elementor-button-wrapper\">\n\t\t\t\t\t<a class=\"elementor-button elementor-button-link elementor-size-sm\" href=\"https:\/\/wirbelsaeulen-neurochirurgie.de\/wp-content\/uploads\/Podcast-Archavlis-minimal-invasive-Wirbelsaeulenoperationen-1-1.pdf\" target=\"_blank\">\n\t\t\t\t\t\t<span class=\"elementor-button-content-wrapper\">\n\t\t\t\t\t\t\t\t\t<span class=\"elementor-button-text\">Zum Nachlesen<\/span>\n\t\t\t\t\t<\/span>\n\t\t\t\t\t<\/a>\n\t\t\t\t<\/div>\t\t\t\t<\/div>\n\t\t\t\t<\/div>\n\t\t\t\t<div class=\"elementor-element elementor-element-57057e2 elementor-widget__width-inherit elementor-position-top elementor-widget elementor-widget-image-box\" data-id=\"57057e2\" data-element_type=\"widget\" data-e-type=\"widget\" data-widget_type=\"image-box.default\">\n\t\t\t\t<div class=\"elementor-widget-container\">\n\t\t\t\t\t<div class=\"elementor-image-box-wrapper\"><figure class=\"elementor-image-box-img\"><img fetchpriority=\"high\" decoding=\"async\" width=\"225\" height=\"225\" src=\"https:\/\/wirbelsaeulen-neurochirurgie.de\/wp-content\/uploads\/Siegel-1.jpg\" class=\"attachment-medium_large size-medium_large wp-image-2637\" alt=\"Primo Medico\" srcset=\"https:\/\/wirbelsaeulen-neurochirurgie.de\/wp-content\/uploads\/Siegel-1.jpg 225w, https:\/\/wirbelsaeulen-neurochirurgie.de\/wp-content\/uploads\/Siegel-1-150x150.jpg 150w, https:\/\/wirbelsaeulen-neurochirurgie.de\/wp-content\/uploads\/Siegel-1-12x12.jpg 12w\" sizes=\"(max-width: 225px) 100vw, 225px\" \/><\/figure><div class=\"elementor-image-box-content\"><h3 class=\"elementor-image-box-title\">PRIMO MEDICO begr\u00fc\u00dft Professor Dr. med. habil. Archavlis als Mitglied im Netzwerk!<\/h3><p class=\"elementor-image-box-description\">Frankfurt, 22.06.23 \u2013 PRIMO MEDICO, ein Netzwerk medizinischer Spezialisten\nin Deutschland, \u00d6sterreich und der Schweiz, freut sich, Professor Dr. med. habil. Eleftherios Archavlis als Mitglied begr\u00fc\u00dfen zu d\u00fcrfen. Professor Dr. Archavlis ist ein renommierter Experte auf dem Gebiet der minimal invasiven\nStabilisierungen von komplexen Wirbels\u00e4ulenerkrankungen und degenerativen Skoliosen.\n<br><br>\nDie Forschungsarbeit von Prof. Eleftherios Archavlis, vorgestellt am 26.06.2023 auf\nder 74. Jahrestagung der Deutschen Gesellschaft f\u00fcr Neurochirurgie (DGNC) Joint Meeting mit internationalen Fachgesellschaften, hat die Bedeutung des OLIF-Zugangs (Oblique Lumbar Interbody Fusion) f\u00fcr minimal invasive Wirbels\u00e4ulenstabilisierungen hervor-gehoben. Diese Technik schont die Nerven und erm\u00f6glicht es den\nPatienten, schneller von ihren Beschwerden zu genesen.\n<br><br>\n<b>Forschungsarbeit OLIF-Zugang f\u00fcr minimal invasive\nWirbels\u00e4ulenstabilisierungen\n<\/b><br><br>\nOLIF ist eine innovative Methode zur Bandscheibenfusion, bei der minimal invasive Zug\u00e4nge zur Wirbels\u00e4ule genutzt werden. Die von Professor Dr. Archavlis pr\u00e4sentierte Studie zeigte, dass OLIF bei der Behandlung von Wirbels\u00e4ulenerkrankungen\n\u00e4u\u00dferst erfolgreich sein kann. Die Ergebnisse der Studie legen nahe, dass OLIF-Patienten seltener unter neurologischen Defiziten leiden und eine schnellere Genesung erzielen.<br><br>\nDie Bedeutung dieser Studie liegt in der Verbesserung der Lebensqualit\u00e4t der Patienten, die unter Wirbels\u00e4ulenerkrankungen und Schmerzen leiden. Dank OLIF k\u00f6nnen diese Patienten von minimalinvasiven Eingriffen profitieren, die weniger invasiv sind, eine schnellere Genesung erm\u00f6glichen und das Risiko von neurologischen Komplikationen reduzieren.<br><br>\nPRIMO MEDICO ist stolz darauf, Professor Dr. Archavlis in seinem Netzwerk willkommen zu hei\u00dfen und freut sich auf die Zusammenarbeit im Bereich der minimal invasiven Wirbels\u00e4ulenchirurgie und der Erforschung von innovativen\nBehandlungsmethoden.<br><br>\nPRIMO MEDICO ist ein Netzwerk f\u00fcr medizinische Spezialisten im deutschsprachigen Raum. Die Aufgabe des Netzwerkes besteht darin, eine direkte Verbindung von Patienten und Arzt zu schaffen und damit jedem Patienten die M\u00f6glichkeit zu bieten, zu seiner Erkrankung einen geeigneten Spezialisten zu finden. Der Netzwerk-Service steht auch internationalen Patienten zur Verf\u00fcgung. Bei PRIMO MEDICO sind ausschlie\u00dflich renommierte medizinische Kapazit\u00e4ten vertreten, die nach strengen\nRichtlinien ausgew\u00e4hlt wurden. Erfahrung, innovative Behandlungstechniken oder\ndie Reputation in Wissenschaft und Forschung spielen dabei eine wichtige Rolle.\nHerrn Prof. Archavlis wurde die exklusive Mitgliedschaft am 22.06.23 mit dem Erhalt des Zertifikats best\u00e4tigt.<br><br>\n<b>Prof. Dr. Eleftherios Archavlis<\/b><br>\nSpezialist f\u00fcr Wirbels\u00e4ulenchirurgie und Chefarzt Interdisziplin\u00e4res Wirbels\u00e4ulenzentrum Frankfurt \u2013 Facharztzentrum Medici<br><br>\n<a href=\"https:\/\/blog.primomedico.com\/primo-medico-begruesst-professor-dr-med-habil-archavlis-als-neues-mitglied-im-netzwerk\/\" target=\"_blank\">blog.primomedico.com\/primo-medico-begruesst-professor-dr-med-habil-archavlis-als-neues-mitglied-im-netzwerk<\/a><br>\n<a href=\"https:\/\/www.primomedico.com\/de\/spezialist\/prof-archavlis-wirbelsaeulenspezialist-frankfurt\/\" target=\"_blank\">primomedico.com\/de\/spezialist\/prof-archavlis-wirbelsaeulenspezialist-frankfurt<\/a>\n<\/p><\/div><\/div>\t\t\t\t<\/div>\n\t\t\t\t<\/div>\n\t\t\t\t<div class=\"elementor-element elementor-element-4010bf3 elementor-widget__width-inherit elementor-widget elementor-widget-heading\" data-id=\"4010bf3\" data-element_type=\"widget\" data-e-type=\"widget\" data-widget_type=\"heading.default\">\n\t\t\t\t<div class=\"elementor-widget-container\">\n\t\t\t\t\t<h2 class=\"elementor-heading-title elementor-size-default\">Einblicke in Pr\u00e4vention, Entstehung, Behandlung und Forschung mit Prof. Dr. Eleftherios Archavlis<\/h2>\t\t\t\t<\/div>\n\t\t\t\t<\/div>\n\t\t\t\t<div class=\"elementor-element elementor-element-be3de63 elementor-widget__width-inherit elementor-widget elementor-widget-text-editor\" data-id=\"be3de63\" data-element_type=\"widget\" data-e-type=\"widget\" data-widget_type=\"text-editor.default\">\n\t\t\t\t<div class=\"elementor-widget-container\">\n\t\t\t\t\t<p>Das Gesundheitsportal Medpertise.de ist eines der \u00e4ltesten Gesundheitsportale im deutschsprachigen Raum. Sie haben eine Reichweite von einer Million Besuchern pro Monat.\u00a0<\/p>\t\t\t\t<\/div>\n\t\t\t\t<\/div>\n\t\t\t\t<div class=\"elementor-element elementor-element-45a1757 elementor-align-center elementor-widget__width-initial elementor-widget-mobile__width-inherit elementor-widget elementor-widget-button\" data-id=\"45a1757\" data-element_type=\"widget\" data-e-type=\"widget\" data-widget_type=\"button.default\">\n\t\t\t\t<div class=\"elementor-widget-container\">\n\t\t\t\t\t<div class=\"elementor-button-wrapper\">\n\t\t\t\t\t<a class=\"elementor-button elementor-button-link elementor-size-sm\" href=\"https:\/\/www.medpertise.de\/bandscheibenvorfall-behandlung-prof-archavlis\/\" target=\"_blank\">\n\t\t\t\t\t\t<span class=\"elementor-button-content-wrapper\">\n\t\t\t\t\t\t\t\t\t<span class=\"elementor-button-text\">Medpertise.de <\/span>\n\t\t\t\t\t<\/span>\n\t\t\t\t\t<\/a>\n\t\t\t\t<\/div>\t\t\t\t<\/div>\n\t\t\t\t<\/div>\n\t\t\t\t<div class=\"elementor-element elementor-element-216fd69 elementor-align-center elementor-widget__width-initial elementor-widget-mobile__width-inherit elementor-widget elementor-widget-button\" data-id=\"216fd69\" data-element_type=\"widget\" data-e-type=\"widget\" data-widget_type=\"button.default\">\n\t\t\t\t<div class=\"elementor-widget-container\">\n\t\t\t\t\t<div class=\"elementor-button-wrapper\">\n\t\t\t\t\t<a class=\"elementor-button elementor-button-link elementor-size-sm\" href=\"\/wp-content\/uploads\/interview-prof-archavlis.pdf\" target=\"_blank\">\n\t\t\t\t\t\t<span class=\"elementor-button-content-wrapper\">\n\t\t\t\t\t\t\t\t\t<span class=\"elementor-button-text\">Artikel zum Download<\/span>\n\t\t\t\t\t<\/span>\n\t\t\t\t\t<\/a>\n\t\t\t\t<\/div>\t\t\t\t<\/div>\n\t\t\t\t<\/div>\n\t\t\t\t<div class=\"elementor-element elementor-element-d236dfd elementor-widget__width-inherit elementor-position-top elementor-widget elementor-widget-image-box\" data-id=\"d236dfd\" data-element_type=\"widget\" data-e-type=\"widget\" data-widget_type=\"image-box.default\">\n\t\t\t\t<div class=\"elementor-widget-container\">\n\t\t\t\t\t<div class=\"elementor-image-box-wrapper\"><figure class=\"elementor-image-box-img\"><img decoding=\"async\" width=\"250\" height=\"120\" src=\"https:\/\/wirbelsaeulen-neurochirurgie.de\/wp-content\/uploads\/siegel-1.png\" class=\"attachment-medium_large size-medium_large wp-image-2077\" alt=\"ACS\" \/><\/figure><div class=\"elementor-image-box-content\"><h3 class=\"elementor-image-box-title\">Local Surgeon Among 1,993 Initiated Into American College of Surgeons (ACS)<\/h3><p class=\"elementor-image-box-description\">Frankfurt: Dr. Eleftherios Archavlis was among 1,993 Initiates from around the world who\nbecame Fellows of the American College of Surgeons (FACS) during the Convocation ceremony at the\nCollege\u2019s Clinical Congress 2019 in San Francisco, Calif., last month. This year\u2019s class of Initiates was among one of the largest ever admitted into the College.\nDr. Eleftherios Archavlis received a medical doctorate degree in 1997 from\nand is currently practicing at University Clinic located in Mainz. Dr. Eleftherios Archavlis has a strong professional interest in spine surgery and holds membership in other professional societies, including German Neurosurgical Society, German Spine Society, AO Spine, European Society of Neurological Surgeons.\n<br><br>\nBy meeting the College\u2019s stringent membership requirements, Fellows of the College have earned the distinguished right to use the designation of \u201cFACS\u201d (Fellow, American College of Surgeons) after their names. An applicant for Fellowship must fulfill the following requirements: possess the ability to speak and\/or write in English; be a graduate of an approved medical school; possess documentation of the completion of the basic surgical requirements determined by his or her country; possess a full and unrestricted license to practice medicine in the country and state or province in which he or she practices; have completed three years of surgical practice; have a current hospital appointment; have a current surgical practice; and display ethical fitness and professional proficiency as established by references and documentation. Moreover, the surgeon\u2019s acceptance as a Fellow of the College must be approved by three-fourths of its Board of Regents.\n<br><br>\nThe Convocation ceremony was a highlight of the five-day meeting, which also featured reports on research-in-progress, postgraduate courses, panel discussions, symposia, and scientific and industrial exhibits. Total estimated attendance at the Congress was 12,372, including approximately 8,598 physicians. Allied health professionals and members of the scientific and consumer media also attended the meeting.\n<br><br>\nThe American College of Surgeons is a scientific and educational organization of surgeons that was founded in 1913 to raise the standards of surgical practice and to improve the quality of care for the surgical patient. The College is dedicated to the ethical and competent practice of surgery. Its achievements have established it as an important advocate for all surgical patients. The College has more than 82,000 members and is the largest organization of surgeons in the world. For more information, visit:<br>\n<a href=\"www.facs.org\" target=\"_blank\">www.facs.org<\/a><\/p><\/div><\/div>\t\t\t\t<\/div>\n\t\t\t\t<\/div>\n\t\t\t\t<div class=\"elementor-element elementor-element-ea9028b elementor-widget__width-inherit elementor-position-top elementor-widget elementor-widget-image-box\" data-id=\"ea9028b\" data-element_type=\"widget\" data-e-type=\"widget\" data-widget_type=\"image-box.default\">\n\t\t\t\t<div class=\"elementor-widget-container\">\n\t\t\t\t\t<div class=\"elementor-image-box-wrapper\"><figure class=\"elementor-image-box-img\"><img decoding=\"async\" width=\"240\" height=\"140\" src=\"https:\/\/wirbelsaeulen-neurochirurgie.de\/wp-content\/uploads\/ARTEMED.jpg\" class=\"attachment-medium_large size-medium_large wp-image-2072\" alt=\"ARTEMED\" \/><\/figure><div class=\"elementor-image-box-content\"><h3 class=\"elementor-image-box-title\">Dritter Schwerpunkt im Zentrum f\u00fcr den Bewegungsapparat am Elisabethen-Krankenhaus<\/h3><p class=\"elementor-image-box-description\">Frankfurt, April 2020<br><br>\nNeues \u00c4rzteteam aus Neurochirurgie, Orthop\u00e4die und Unfallchirurgie gr\u00fcndet Interdisziplin\u00e4res Wirbels\u00e4ulenzentrum Frankfurt<br><br>\n\nL\u00e4ngst sind R\u00fcckenschmerzen zur neuen Volkskrankheit geworden. Eine immer \u00e4lter werdende Gesellschaft mit entsprechenden degenerativen Krankheitsbildern, gerade auch an der Wirbels\u00e4ule, tut ihr \u00dcbriges. Aber auch die j\u00fcngere Generation ist immer mehr betroffen. Gerade in Westeuropa f\u00fchren zu viel Sitzen und zu wenig Bewegung vermehrt zu Sch\u00e4den. R\u00fcckenleiden basieren oftmals auf einem akuten oder chronischen Wirbels\u00e4ulenleiden. Dieses kann entweder orthop\u00e4discher Natur, also kn\u00f6chern und bandhaft, oder aber neurologisch bedingt sein, also von den die Wirbels\u00e4ule durchlaufenden Nervenstr\u00e4ngen herr\u00fchren. Im St. Elisabethen-Krankenhaus bietet man R\u00fcckenpatienten mit einem neu aufgestellten Team aus Neurochirurgie, Orthop\u00e4die und Unfallchirurgie seit dem 1. April nun die Diagnostik und Versorgung aus einer Hand. Das Interdisziplin\u00e4re Wirbels\u00e4ulenzentrum Frankfurt wird k\u00fcnftig die dritte gro\u00dfe Sektion innerhalb des Zentrums f\u00fcr den Bewegungsapparat an der Bockenheimer Klinik bilden.\n<br><br>\nAls Chefarzt f\u00fcr den Bereich Neurochirurgie konnte Privatdozent Dr. med. Eleftherios Archavlis von der Universit\u00e4tsmedizin Mainz gewonnen werden. Dr. Archavlis bringt langj\u00e4hriges Fachwissen in der minimalinvasiven Chirurgie mit, insbesondere im Bereich der degenerativen R\u00fcckenerkrankungen. Zu den degenerativen Wirbels\u00e4ulenerkrankungen geh\u00f6ren unter anderem Bandscheibenvorf\u00e4lle, kurz- und l\u00e4ngerstreckige Wirbelkanaleinengungen (Stenosen), sowie Instabilit\u00e4ten (Spondylolisthesen beziehungsweise Spondylolysen). Dar\u00fcber hinaus verf\u00fcgt Dr. Archavlis \u00fcber eine besondere Expertise in der Behandlung von Nerventumoren und Erkrankungen der peripheren Nerven, insbesondere Nervenengpasssyndromen des Karpaltunnels, Kubitaltunnels und Tarsaltunnels sowie des Leistenbandes (Meralgia paraesthetica).\n<br><br>\nDas chef\u00e4rztliche Pendant im orthop\u00e4dischen Bereich des Wirbels\u00e4ulenzentrums bildet Privatdozent Dr. med. Per Trobisch. Dieser hat als orthop\u00e4discher Chirurg in den vergangenen Jahren bereits an der Eifelklinik St. Brigida in der N\u00e4he von Aachen ein international renommiertes Wirbels\u00e4ulenzentrum aufgebaut und ist innerhalb des Artemed-Netzwerkes f\u00fchrender Spezialist f\u00fcr die Behandlung von Wirbels\u00e4ulenverkr\u00fcmmungen (Skoliose). Mit Dr. Trobisch kann das St. Elisabethen-Krankenhaus als eines der wenigen Zentren in Deutschland nun auch die dynamische Skoliosekorrektur f\u00fcr Kinder und Jugendliche anbieten. Hierbei handelt es sich um eine neuartige und nicht versteifende Operationsmethode, die bei einigen Skolioseformen als Behandlungsoption zur Verf\u00fcgung steht. Bei dieser Technik werden die Wirbel wie bei der Versteifung mit Schrauben besetzt, die Schrauben dann jedoch mit einem speziellen Seil (geflochtener medizinischer Kunststoff) verbunden. Damit l\u00e4sst sich die Kr\u00fcmmung korrigieren und die Wirbels\u00e4ule bleibt beweglich. Priv.-Doz. Dr. Trobisch hat die Methode 2017 in Deutschland eingef\u00fchrt und gilt als europaweit erfahrenster Spezialist. Sowohl er als auch Dr. Archavlis verf\u00fcgen \u00fcber ein Masterzertifikat der Deutschen Wirbels\u00e4ulengesellschaft (DWG).\n<br><br>\nOptimale Erg\u00e4nzung im Bereich der Unfallchirurgie erh\u00e4lt das Duo durch Bastian Himpe. Der orthop\u00e4disch- unfallchirurgische Oberarzt kommt vom Universit\u00e4tsklinikum Magdeburg und bringt eine ausgewiesene Expertise in der individualisierten Behandlung von Wirbels\u00e4ulenleiden mit. Integraler Bestandteil hierbei sind die multimodale Schmerztherapie, Pr\u00e4vention und operative Therapie der beginnenden und fortgeschrittenen Degeneration.\n<br><br>\nSomit profitieren im Elisabethen-Krankenhaus k\u00fcnftig Patienten aller Altersgruppen neben einer maximal individualisierten Therapie, von der Kombination aller neuer Entwicklungen und Technologien auf dem Gebiet der Wirbels\u00e4ulenchirurgie. Konservative Verfahren finden ebenso Ber\u00fccksichtigung wie minimalinvasive Operationen (Sch\u00fcssellochchirurgie) bis hin zu komplexen Stabilisierungen und Rekonstruktionen der Wirbels\u00e4ule. Zudem wird nach den Prinzipien des neu in der Wirbels\u00e4ulenchirurgie eingef\u00fchrten \u201eenhanced recovery\u201c Programms gearbeitet, das die schnelle Genesung der Patienten nach einer Operation in besonderem Ma\u00dfe unterst\u00fctzt.<\/p><\/div><\/div>\t\t\t\t<\/div>\n\t\t\t\t<\/div>\n\t\t\t\t<div class=\"elementor-element elementor-element-bf9f9ff elementor-widget__width-inherit elementor-widget elementor-widget-heading\" data-id=\"bf9f9ff\" data-element_type=\"widget\" data-e-type=\"widget\" data-widget_type=\"heading.default\">\n\t\t\t\t<div class=\"elementor-widget-container\">\n\t\t\t\t\t<h2 class=\"elementor-heading-title elementor-size-default\">Interdisziplinarit\u00e4t als gro\u00dfes Plus<\/h2>\t\t\t\t<\/div>\n\t\t\t\t<\/div>\n\t\t\t\t<div class=\"elementor-element elementor-element-9e26883 elementor-widget__width-inherit elementor-widget elementor-widget-text-editor\" data-id=\"9e26883\" data-element_type=\"widget\" data-e-type=\"widget\" data-widget_type=\"text-editor.default\">\n\t\t\t\t<div class=\"elementor-widget-container\">\n\t\t\t\t\t<p>Gesch\u00e4ftsf\u00fchrer Dr. Benjamin Behar ist sich sicher mit der Zusammenstellung des Teams genau die richtige Wahl getroffen zu haben: \u201eDurch die interdisziplin\u00e4re Zusammenstellung unserer Experten haben wir die M\u00f6glichkeit, Patienten umfassend aus einer Hand zu diagnostizieren und zu behandeln. F\u00fcr das Gebiet Frankfurt und Umgebung ist ein solches medizinisches Angebot bislang einzigartig. Somit k\u00f6nnen wir unseren Patienten k\u00fcnftig langwierige Wege von Facharzt zu Facharzt ersparen.\u201c Das Interdisziplin\u00e4re Wirbels\u00e4ulenzentrum Frankfurt wird der dritte gro\u00dfe Schwerpunkt innerhalb des Zentrums f\u00fcr den Bewegungsapparat am Elisabethen-Krankenhaus. Bereits seit geraumer Zeit etabliert sind die Orthop\u00e4dische Chirurgie und Endoprothetik unter Leitung von Prof. Markus Rittmeister sowie die Fu\u00dfchirurgie unter Dr. Hans-Peter Abt. Und auch die beiden Kollegen freuen sich auf den Ausbau des Zentrums \u201eDas Interdisziplin\u00e4re Wirbels\u00e4ulenzentrum ist fachlich die perfekte Erg\u00e4nzung f\u00fcr das Eli \u2013 so k\u00f6nnen wir unseren Patienten im Bereich der Bewegungsapparate k\u00fcnftig wortw\u00f6rtlich das komplette medizinische Spektrum von Kopf bis Fu\u00df bieten,\u201c erkl\u00e4rt Prof. Rittmeister.\u00a0<\/p><p>Doch nicht nur innerhalb des Zentrums f\u00fcr den Bewegungsapparat wird die interdisziplin\u00e4re Zusammenarbeit gro\u00df geschrieben. Gerade \u00e4ltere Menschen mit Erkrankungen der Wirbels\u00e4ule sieht man im Eli in den besten H\u00e4nden. \u201eIch durfte in den letzten Jahrzehnten beobachten, dass das durchschnittliche Alter von Wirbels\u00e4ulenpatienten stetig nach oben klettert. Das liegt zum einen daran, dass \u00e4ltere Menschen heute viel aktiver sind als noch vor zehn oder zwanzig Jahren \u2013 nat\u00fcrlich verbunden mit einem h\u00f6heren Anspruch an die Lebensqualit\u00e4t. Zum anderen unterliegen die Medizin im Allgemeinen und Operationsmethoden im Besonderen einem rasanten Fortschritt in Forschung und Entwicklung. Wir verf\u00fcgen heute \u00fcber ein breites Repertoire an schonenden und vor allem sicheren chirurgischen Eingriffsm\u00f6glichkeiten, die im St. Elisabethen-Krankenhaus Anwendung finden k\u00f6nnen. Angefangen bei minimal-invasiven OP-Techniken, \u00fcber endoskopische Therapien bis hin zur Implantation von Bandscheibenprothesen ist alles m\u00f6glich\u201c, erkl\u00e4rt Dr. Eleftherios Archavlis.<\/p><p>Auch im Hinblick auf Begleiterkrankungen, unter denen \u00e4ltere Patienten oft leiden, stellt sein Kollege Dr. Per Trobisch dem Elisabethen-Krankenhaus Bestnoten aus: \u201eDie Patienten profitieren im Elisabethen-Krankenhaus vor allem von der engen interdisziplin\u00e4ren Zusammenarbeit. Begleiterkrankungen aller Art, k\u00f6nnen sowohl von der Geriatrie mit Alters-Trauma-Zentrum als auch von der Abteilung f\u00fcr Innere Medizin im Auge behalten werden. Die hauseigene Abteilung f\u00fcr Physikalische Therapie unterst\u00fctzt bei der schnellstm\u00f6glichen Genesung \u2013 Und im Bereich der An\u00e4sthesie, Intensiv- und Schmerzmedizin stehen rund um die Uhr erfahrene Kollegen zur Verf\u00fcgung und sorgen f\u00fcr ein vielfach h\u00f6heres Ma\u00df an Sicherheit und Schmerzfreiheit als dies in anderen H\u00e4usern der Fall ist. Das Eli befindet sich auf einem extrem hohen qualitativen Niveau \u2013 dass ich hier meinen Beitrag leisten darf, ist wirklich gro\u00dfartig\u201c, so Dr. Per Trobisch weiter.<\/p>\t\t\t\t<\/div>\n\t\t\t\t<\/div>\n\t\t\t\t<div class=\"elementor-element elementor-element-62f9aa2 elementor-widget__width-inherit elementor-widget elementor-widget-heading\" data-id=\"62f9aa2\" data-element_type=\"widget\" data-e-type=\"widget\" data-widget_type=\"heading.default\">\n\t\t\t\t<div class=\"elementor-widget-container\">\n\t\t\t\t\t<h2 class=\"elementor-heading-title elementor-size-default\">\u00dcber das St. Elisabethen-Krankenhaus Frankfurt<\/h2>\t\t\t\t<\/div>\n\t\t\t\t<\/div>\n\t\t\t\t<div class=\"elementor-element elementor-element-95a70d5 elementor-widget__width-inherit elementor-widget elementor-widget-text-editor\" data-id=\"95a70d5\" data-element_type=\"widget\" data-e-type=\"widget\" data-widget_type=\"text-editor.default\">\n\t\t\t\t<div class=\"elementor-widget-container\">\n\t\t\t\t\t<p>Das St. Elisabethen-Krankenhaus in Bockenheim ist als Grund- und Regelversorger inklusive Geriatrie, Gyn\u00e4kologie und Geburtshilfe prim\u00e4re Anlaufstelle f\u00fcr die station\u00e4re Versorgung der Frankfurter Bev\u00f6lkerung. Neben einer hervorragenden Not- und Dringlichkeitsversorgung \u2013 das \u201eEli\u201c ist unter anderem Notarztstandort \u2013 zeichnet sich das Konzept des Hauses durch eine klare fachliche Differenzierung und Schwerpunktbildung in interdisziplin\u00e4ren Zentren aus: dem Universit\u00e4ren Thoraxzentrum Frankfurt, dem Zentrum f\u00fcr den Bewegungsapparat mit einer hervorragenden Fu\u00dfchirurgie sowie Zertifizierungen als EndoProthetikZentrum der Maximalversorgung und Geriatrisches Traumazentrum sowie einem Zentrum f\u00fcr die Verdauungsorgane. Das St. Elisabethen-Krankenhaus verf\u00fcgt \u00fcber eine hochmoderne Infrastruktur, die unter anderem ein 2017 in Betrieb genommenes Bettenhaus, eine Notfallambulanz, eine onkologische Tagesklinik, ein Schlaflabor sowie eine breit aufgestellte Intensivmedizin umfasst. Im Sommer 2019 ging die Klinik von der Dernbacher Gruppe Katharina Kasper in die Artemed Gruppe \u00fcber und verf\u00fcgt nun zus\u00e4tzlich \u00fcber einen neu fertiggestellten modernen und erweiterten OP-Trakt inklusive Aufwachraum.\u00a0<\/p>\t\t\t\t<\/div>\n\t\t\t\t<\/div>\n\t\t\t\t<div class=\"elementor-element elementor-element-dc5ae92 elementor-align-center elementor-widget__width-inherit elementor-widget elementor-widget-button\" data-id=\"dc5ae92\" data-element_type=\"widget\" data-e-type=\"widget\" data-widget_type=\"button.default\">\n\t\t\t\t<div class=\"elementor-widget-container\">\n\t\t\t\t\t<style>.elementor-element-dc5ae92{display:none !important}<\/style>\t\t\t\t<\/div>\n\t\t\t\t<\/div>\n\t\t\t\t<div class=\"elementor-element elementor-element-06f15d8 elementor-align-center elementor-widget__width-inherit elementor-widget elementor-widget-button\" data-id=\"06f15d8\" data-element_type=\"widget\" data-e-type=\"widget\" data-widget_type=\"button.default\">\n\t\t\t\t<div class=\"elementor-widget-container\">\n\t\t\t\t\t<style>.elementor-element-06f15d8{display:none !important}<\/style>\t\t\t\t<\/div>\n\t\t\t\t<\/div>\n\t\t\t\t<div class=\"elementor-element elementor-element-81cb27a elementor-align-center elementor-widget__width-inherit elementor-widget elementor-widget-button\" data-id=\"81cb27a\" data-element_type=\"widget\" data-e-type=\"widget\" data-widget_type=\"button.default\">\n\t\t\t\t<div class=\"elementor-widget-container\">\n\t\t\t\t\t<div class=\"elementor-button-wrapper\">\n\t\t\t\t\t<a class=\"elementor-button elementor-button-link elementor-size-sm\" href=\"\/kontakt\" target=\"_blank\">\n\t\t\t\t\t\t<span class=\"elementor-button-content-wrapper\">\n\t\t\t\t\t\t\t\t\t<span class=\"elementor-button-text\">Nehmen Sie Kontakt auf<\/span>\n\t\t\t\t\t<\/span>\n\t\t\t\t\t<\/a>\n\t\t\t\t<\/div>\t\t\t\t<\/div>\n\t\t\t\t<\/div>\n\t\t\t\t\t<\/div>\n\t\t\t\t<\/div>\n\t\t\t\t<\/div>","protected":false},"excerpt":{"rendered":"<p>Prof. Dr. med. habil Eleftherios Archavlis Ihr Spezialist f\u00fcr Wirbels\u00e4ulenerkrankungen Presse Podcast Archavlis O-Arm Wirbels\u00e4ulenchirurgie Zum Nachlesen Modernste Technologien in der spinalen Neurochirurgie und Orthop\u00e4dischen Chirurgie Interdisziplin\u00e4res Wirbels\u00e4ulenzentrum Frankfurt st\u00e4rkt operative Pr\u00e4zision mit O-arm und spinaler Navigation Das Interdisziplin\u00e4re Wirbels\u00e4ulenzentrum am St. Elisabethen Krankenhaus Frankfurt gibt mit gro\u00dfer Freude die Anschaffung des hochmodernen O-arm Systems [&hellip;]<\/p>\n","protected":false},"author":1,"featured_media":0,"parent":0,"menu_order":0,"comment_status":"closed","ping_status":"closed","template":"","meta":{"footnotes":""},"class_list":["post-2387","page","type-page","status-publish","hentry"],"yoast_head":"<!-- This site is optimized with the Yoast SEO plugin v27.5 - https:\/\/yoast.com\/product\/yoast-seo-wordpress\/ -->\n<title>Presse - PD\/Assoc. Prof. Dr. Eleftherios Archavlis<\/title>\n<meta name=\"description\" content=\"Als Chefarzt f\u00fcr den Bereich Neurochirurgie konnte Prof. Dr. med. habil Eleftherios Archavlis von der Universit\u00e4tsmedizin Mainz gewonnen werden.\" \/>\n<meta name=\"robots\" content=\"index, follow, max-snippet:-1, max-image-preview:large, max-video-preview:-1\" \/>\n<link rel=\"canonical\" href=\"https:\/\/wirbelsaeulen-neurochirurgie.de\/en\/presse\/\" \/>\n<meta property=\"og:locale\" content=\"en_US\" \/>\n<meta property=\"og:type\" content=\"article\" \/>\n<meta property=\"og:title\" content=\"Presse - PD\/Assoc. Prof. Dr. Eleftherios Archavlis\" \/>\n<meta property=\"og:description\" content=\"Als Chefarzt f\u00fcr den Bereich Neurochirurgie konnte Prof. Dr. med. habil Eleftherios Archavlis von der Universit\u00e4tsmedizin Mainz gewonnen werden.\" \/>\n<meta property=\"og:url\" content=\"https:\/\/wirbelsaeulen-neurochirurgie.de\/en\/presse\/\" \/>\n<meta property=\"og:site_name\" content=\"PD\/Assoc. Prof. Dr. Eleftherios Archavlis\" \/>\n<meta property=\"article:modified_time\" content=\"2024-06-10T09:19:55+00:00\" \/>\n<meta property=\"og:image\" content=\"https:\/\/wirbelsaeulen-neurochirurgie.de\/wp-content\/uploads\/Siegel-1.jpg\" \/>\n<meta name=\"twitter:card\" content=\"summary_large_image\" \/>\n<meta name=\"twitter:label1\" content=\"Est. reading time\" \/>\n\t<meta name=\"twitter:data1\" content=\"15 minutes\" \/>\n<script type=\"application\/ld+json\" class=\"yoast-schema-graph\">{\"@context\":\"https:\\\/\\\/schema.org\",\"@graph\":[{\"@type\":\"WebPage\",\"@id\":\"https:\\\/\\\/wirbelsaeulen-neurochirurgie.de\\\/presse\",\"url\":\"https:\\\/\\\/wirbelsaeulen-neurochirurgie.de\\\/presse\",\"name\":\"Presse - PD\\\/Assoc. Prof. Dr. Eleftherios Archavlis\",\"isPartOf\":{\"@id\":\"https:\\\/\\\/wirbelsaeulen-neurochirurgie.de\\\/#website\"},\"primaryImageOfPage\":{\"@id\":\"https:\\\/\\\/wirbelsaeulen-neurochirurgie.de\\\/presse#primaryimage\"},\"image\":{\"@id\":\"https:\\\/\\\/wirbelsaeulen-neurochirurgie.de\\\/presse#primaryimage\"},\"thumbnailUrl\":\"https:\\\/\\\/wirbelsaeulen-neurochirurgie.de\\\/wp-content\\\/uploads\\\/Siegel-1.jpg\",\"datePublished\":\"2023-09-22T12:46:26+00:00\",\"dateModified\":\"2024-06-10T09:19:55+00:00\",\"description\":\"Als Chefarzt f\u00fcr den Bereich Neurochirurgie konnte Prof. Dr. med. habil Eleftherios Archavlis von der Universit\u00e4tsmedizin Mainz gewonnen werden.\",\"breadcrumb\":{\"@id\":\"https:\\\/\\\/wirbelsaeulen-neurochirurgie.de\\\/presse#breadcrumb\"},\"inLanguage\":\"en-UK\",\"potentialAction\":[{\"@type\":\"ReadAction\",\"target\":[\"https:\\\/\\\/wirbelsaeulen-neurochirurgie.de\\\/presse\"]}]},{\"@type\":\"ImageObject\",\"inLanguage\":\"en-UK\",\"@id\":\"https:\\\/\\\/wirbelsaeulen-neurochirurgie.de\\\/presse#primaryimage\",\"url\":\"https:\\\/\\\/wirbelsaeulen-neurochirurgie.de\\\/wp-content\\\/uploads\\\/Siegel-1.jpg\",\"contentUrl\":\"https:\\\/\\\/wirbelsaeulen-neurochirurgie.de\\\/wp-content\\\/uploads\\\/Siegel-1.jpg\"},{\"@type\":\"BreadcrumbList\",\"@id\":\"https:\\\/\\\/wirbelsaeulen-neurochirurgie.de\\\/presse#breadcrumb\",\"itemListElement\":[{\"@type\":\"ListItem\",\"position\":1,\"name\":\"Startseite\",\"item\":\"https:\\\/\\\/wirbelsaeulen-neurochirurgie.de\\\/\"},{\"@type\":\"ListItem\",\"position\":2,\"name\":\"Presse\"}]},{\"@type\":\"WebSite\",\"@id\":\"https:\\\/\\\/wirbelsaeulen-neurochirurgie.de\\\/#website\",\"url\":\"https:\\\/\\\/wirbelsaeulen-neurochirurgie.de\\\/\",\"name\":\"PD\\\/Assoc. Prof. Dr. Eleftherios Archavlis\",\"description\":\"aus Frankfurt\",\"publisher\":{\"@id\":\"https:\\\/\\\/wirbelsaeulen-neurochirurgie.de\\\/#organization\"},\"potentialAction\":[{\"@type\":\"SearchAction\",\"target\":{\"@type\":\"EntryPoint\",\"urlTemplate\":\"https:\\\/\\\/wirbelsaeulen-neurochirurgie.de\\\/?s={search_term_string}\"},\"query-input\":{\"@type\":\"PropertyValueSpecification\",\"valueRequired\":true,\"valueName\":\"search_term_string\"}}],\"inLanguage\":\"en-UK\"},{\"@type\":\"Organization\",\"@id\":\"https:\\\/\\\/wirbelsaeulen-neurochirurgie.de\\\/#organization\",\"name\":\"PD\\\/Assoc. Prof. Dr. Eleftherios Archavlis\",\"url\":\"https:\\\/\\\/wirbelsaeulen-neurochirurgie.de\\\/\",\"logo\":{\"@type\":\"ImageObject\",\"inLanguage\":\"en-UK\",\"@id\":\"https:\\\/\\\/wirbelsaeulen-neurochirurgie.de\\\/#\\\/schema\\\/logo\\\/image\\\/\",\"url\":\"https:\\\/\\\/wirbelsaeulen-neurochirurgie.de\\\/wp-content\\\/uploads\\\/Logo_archavlis.jpg\",\"contentUrl\":\"https:\\\/\\\/wirbelsaeulen-neurochirurgie.de\\\/wp-content\\\/uploads\\\/Logo_archavlis.jpg\",\"width\":285,\"height\":175,\"caption\":\"PD\\\/Assoc. Prof. Dr. Eleftherios Archavlis\"},\"image\":{\"@id\":\"https:\\\/\\\/wirbelsaeulen-neurochirurgie.de\\\/#\\\/schema\\\/logo\\\/image\\\/\"}}]}<\/script>\n<!-- \/ Yoast SEO plugin. -->","yoast_head_json":{"title":"Presse - PD\/Assoc. Prof. Dr. Eleftherios Archavlis","description":"Als Chefarzt f\u00fcr den Bereich Neurochirurgie konnte Prof. Dr. med. habil Eleftherios Archavlis von der Universit\u00e4tsmedizin Mainz gewonnen werden.","robots":{"index":"index","follow":"follow","max-snippet":"max-snippet:-1","max-image-preview":"max-image-preview:large","max-video-preview":"max-video-preview:-1"},"canonical":"https:\/\/wirbelsaeulen-neurochirurgie.de\/en\/presse\/","og_locale":"en_US","og_type":"article","og_title":"Presse - PD\/Assoc. Prof. Dr. Eleftherios Archavlis","og_description":"Als Chefarzt f\u00fcr den Bereich Neurochirurgie konnte Prof. Dr. med. habil Eleftherios Archavlis von der Universit\u00e4tsmedizin Mainz gewonnen werden.","og_url":"https:\/\/wirbelsaeulen-neurochirurgie.de\/en\/presse\/","og_site_name":"PD\/Assoc. Prof. Dr. Eleftherios Archavlis","article_modified_time":"2024-06-10T09:19:55+00:00","og_image":[{"url":"https:\/\/wirbelsaeulen-neurochirurgie.de\/wp-content\/uploads\/Siegel-1.jpg","type":"","width":"","height":""}],"twitter_card":"summary_large_image","twitter_misc":{"Est. reading time":"15 minutes"},"schema":{"@context":"https:\/\/schema.org","@graph":[{"@type":"WebPage","@id":"https:\/\/wirbelsaeulen-neurochirurgie.de\/presse","url":"https:\/\/wirbelsaeulen-neurochirurgie.de\/presse","name":"Presse - PD\/Assoc. Prof. Dr. Eleftherios Archavlis","isPartOf":{"@id":"https:\/\/wirbelsaeulen-neurochirurgie.de\/#website"},"primaryImageOfPage":{"@id":"https:\/\/wirbelsaeulen-neurochirurgie.de\/presse#primaryimage"},"image":{"@id":"https:\/\/wirbelsaeulen-neurochirurgie.de\/presse#primaryimage"},"thumbnailUrl":"https:\/\/wirbelsaeulen-neurochirurgie.de\/wp-content\/uploads\/Siegel-1.jpg","datePublished":"2023-09-22T12:46:26+00:00","dateModified":"2024-06-10T09:19:55+00:00","description":"Als Chefarzt f\u00fcr den Bereich Neurochirurgie konnte Prof. Dr. med. habil Eleftherios Archavlis von der Universit\u00e4tsmedizin Mainz gewonnen werden.","breadcrumb":{"@id":"https:\/\/wirbelsaeulen-neurochirurgie.de\/presse#breadcrumb"},"inLanguage":"en-UK","potentialAction":[{"@type":"ReadAction","target":["https:\/\/wirbelsaeulen-neurochirurgie.de\/presse"]}]},{"@type":"ImageObject","inLanguage":"en-UK","@id":"https:\/\/wirbelsaeulen-neurochirurgie.de\/presse#primaryimage","url":"https:\/\/wirbelsaeulen-neurochirurgie.de\/wp-content\/uploads\/Siegel-1.jpg","contentUrl":"https:\/\/wirbelsaeulen-neurochirurgie.de\/wp-content\/uploads\/Siegel-1.jpg"},{"@type":"BreadcrumbList","@id":"https:\/\/wirbelsaeulen-neurochirurgie.de\/presse#breadcrumb","itemListElement":[{"@type":"ListItem","position":1,"name":"Startseite","item":"https:\/\/wirbelsaeulen-neurochirurgie.de\/"},{"@type":"ListItem","position":2,"name":"Presse"}]},{"@type":"WebSite","@id":"https:\/\/wirbelsaeulen-neurochirurgie.de\/#website","url":"https:\/\/wirbelsaeulen-neurochirurgie.de\/","name":"PD\/Assoc. Prof. Dr. Eleftherios Archavlis","description":"aus Frankfurt","publisher":{"@id":"https:\/\/wirbelsaeulen-neurochirurgie.de\/#organization"},"potentialAction":[{"@type":"SearchAction","target":{"@type":"EntryPoint","urlTemplate":"https:\/\/wirbelsaeulen-neurochirurgie.de\/?s={search_term_string}"},"query-input":{"@type":"PropertyValueSpecification","valueRequired":true,"valueName":"search_term_string"}}],"inLanguage":"en-UK"},{"@type":"Organization","@id":"https:\/\/wirbelsaeulen-neurochirurgie.de\/#organization","name":"PD\/Assoc. Prof. Dr. Eleftherios Archavlis","url":"https:\/\/wirbelsaeulen-neurochirurgie.de\/","logo":{"@type":"ImageObject","inLanguage":"en-UK","@id":"https:\/\/wirbelsaeulen-neurochirurgie.de\/#\/schema\/logo\/image\/","url":"https:\/\/wirbelsaeulen-neurochirurgie.de\/wp-content\/uploads\/Logo_archavlis.jpg","contentUrl":"https:\/\/wirbelsaeulen-neurochirurgie.de\/wp-content\/uploads\/Logo_archavlis.jpg","width":285,"height":175,"caption":"PD\/Assoc. Prof. Dr. Eleftherios Archavlis"},"image":{"@id":"https:\/\/wirbelsaeulen-neurochirurgie.de\/#\/schema\/logo\/image\/"}}]}},"_links":{"self":[{"href":"https:\/\/wirbelsaeulen-neurochirurgie.de\/en\/wp-json\/wp\/v2\/pages\/2387","targetHints":{"allow":["GET"]}}],"collection":[{"href":"https:\/\/wirbelsaeulen-neurochirurgie.de\/en\/wp-json\/wp\/v2\/pages"}],"about":[{"href":"https:\/\/wirbelsaeulen-neurochirurgie.de\/en\/wp-json\/wp\/v2\/types\/page"}],"author":[{"embeddable":true,"href":"https:\/\/wirbelsaeulen-neurochirurgie.de\/en\/wp-json\/wp\/v2\/users\/1"}],"replies":[{"embeddable":true,"href":"https:\/\/wirbelsaeulen-neurochirurgie.de\/en\/wp-json\/wp\/v2\/comments?post=2387"}],"version-history":[{"count":65,"href":"https:\/\/wirbelsaeulen-neurochirurgie.de\/en\/wp-json\/wp\/v2\/pages\/2387\/revisions"}],"predecessor-version":[{"id":2780,"href":"https:\/\/wirbelsaeulen-neurochirurgie.de\/en\/wp-json\/wp\/v2\/pages\/2387\/revisions\/2780"}],"wp:attachment":[{"href":"https:\/\/wirbelsaeulen-neurochirurgie.de\/en\/wp-json\/wp\/v2\/media?parent=2387"}],"curies":[{"name":"wp","href":"https:\/\/api.w.org\/{rel}","templated":true}]}}